{"id":4588,"date":"2015-10-02T17:34:42","date_gmt":"2015-10-02T15:34:42","guid":{"rendered":"http:\/\/www.bodeboca.com\/blog\/?page_id=4588"},"modified":"2023-10-28T15:11:49","modified_gmt":"2023-10-28T13:11:49","slug":"new-home-page","status":"publish","type":"page","link":"https:\/\/www.bodeboca.com\/blog\/","title":{"rendered":"Vignerons"},"content":{"rendered":"<div id=\"themify_builder_content-4588\" data-postid=\"4588\" class=\"themify_builder_content themify_builder_content-4588 themify_builder themify_builder_front\">\n\t\n\t\t\t<!-- module_row -->\n\t\t\t<div data-gutter=\"gutter-default\" class=\"themify_builder_row module_row module_row_0 clearfix gutter-default\" >\n\n\t\t\t\t\n\t\t\t\t\t\t\t\t\t<div class=\"builder_row_cover\"  ><\/div>\n\t\t\t\t\n\t\t\t\t\n\t\t\t\t<div class=\"row_inner_wrapper\">\n\t\t\t\t\t<div class=\"row_inner\">\n\n\t\t\t\t\t\t\n\t\t\t\t\t\t\n\t\t\t\t\t\t\n\t\t\t\t\t\t\t\t\t<div class=\"col-full first tb-column \">\n\t\t\t\t\t\t\t\t\t\t\t\t\t\t\t\t\t\t\t\t\t\n\t\t\t\t\t\t\t\t\t\t\t\n<!-- module post -->\n<div id=\"post-4588-0-0-1\" class=\"module module-post post-4588-0-0-1 \">\n\t\t\n\t<div class=\"builder-posts-wrap clearfix loops-wrapper list-post\">\n\n\n<article itemscope itemtype=\"http:\/\/schema.org\/Article\" id=\"post-62875\" class=\"post clearfix post-62875 type-post status-publish format-standard has-post-thumbnail hentry category-a-fondo tag-bibi-garcia tag-bodegas-habla tag-cabernet-sauvignon tag-chardonnay tag-cortijo-los-aguilares tag-dobledeperez tag-enate tag-gewurztraminer-2 tag-huerta-de-albala tag-javier-sanz-viticultor tag-marques-de-riscal tag-mas-la-plana tag-merlot tag-miguel-a-torres tag-pago-de-vallegarcia tag-pariente-tradicion-familiar tag-petit-verdot tag-pinot-noir tag-rocio-benito tag-santi-rivas tag-sauvignon-blanc tag-syrah tag-uvas-foraneas tag-uvas-viajeras tag-variedades-extranjeras tag-variedades-foraneas tag-vina-zorzal tag-viognier tag-xabier-sanz has-post-title has-post-date has-post-category has-post-tag has-post-comment no-post-author \">\n\n\t\n\t\t\t\t\t\n\t\t\t<figure class=\"post-image \">\n\t\t\t\t\t\t\t\t\t<a href=\"https:\/\/www.bodeboca.com\/blog\/uvas-viajeras\/\"><img decoding=\"async\" src=\"https:\/\/www.bodeboca.com\/blog\/wp-content\/uploads\/2026\/08\/Uvas-viajeras-Pago-de-Vallegarcia.jpg\" alt=\"Uvas viajeras: variedades for\u00e1neas que triunfan en Espa\u00f1a\" \/><\/a>\n\t\t\t\t\t\t\t<\/figure>\n\n\t\t\t\t\t\n\t<div class=\"post-content\">\n\n\t\t\t\t\t\n            \n            \n\t\t\t<h2 class=\"post-title entry-title\" itemprop=\"name\">\n\t\t\t\t\t\t\t\t\t<a href=\"https:\/\/www.bodeboca.com\/blog\/uvas-viajeras\/\" title=\"Uvas viajeras: variedades for\u00e1neas que triunfan en Espa\u00f1a\">Uvas viajeras: variedades for\u00e1neas que triunfan en Espa\u00f1a<\/a>\n\t\t\t\t\t\t\t<\/h2>\n\t\t\t\t\t\n\t\t<div class=\"meta-info\">\n\t\t\t\t\t\t\t<div class=\"author-meta-box clearfix\">\n\t\t\t\t\t\t<span class=\"post-author\"><span>Por <\/span><span class=\"author vcard\" itemprop=\"author\" itemscope itemtype=\"http:\/\/schema.org\/Person\"><span itemprop=\"name\">Nacho Civera<\/span><\/span>, <\/span>\n\t\t\t\t\t\t\t\t\t\t\t<time datetime=\"2026-08-25\" class=\"post-date entry-date updated\" itemprop=\"datePublished\">25 agosto, 2026<\/time>\n\t\t\t\t\t\n\t\t\t\t\t\t\t\t\t\t\t<span class=\"category\">\n\t\t\t\t\t\t\t <span class=\"separator\">|<\/span><span>Categor\u00eda <\/span>\n\t\t\t\t\t\t\t <span class=\"post-category\"><a href=\"https:\/\/www.bodeboca.com\/blog\/category\/a-fondo\/\" rel=\"tag\">A fondo<\/a><\/span>\t\t\t\t\t\t\t<\/span>\n\t\t\t\t\t\t\t\t\t<\/div>\n\t\t\t\t\t<\/div>\n\t\t<div class=\"entry-content\" itemprop=\"articleBody\">\n\n\t\t\t\n\t\t\t\t<p>Existen bodegas espa\u00f1olas que triunfan con vinos elaborados con variedades que nacieron lejos de nuestro pa\u00eds. Este es nuestro particular homenaje a ellas.<\/p>\n\n\t\t\t\t\n\t\t\t\t\t<p><a href=\"https:\/\/www.bodeboca.com\/blog\/uvas-viajeras\/\" title=\"\" class=\"more-link\">Leer m\u00e1s<\/a><\/p>\n\n\t\t\t\t\n\t\t\t\n\t\t<\/div><!-- \/.entry-content -->\n\t\t\n\t\t\t\t\t<p class=\"post-meta entry-meta\">\n\n\t\t\t\t\t\t\t\t\t<span class=\"post-comment\"><a href=\"https:\/\/www.bodeboca.com\/blog\/uvas-viajeras\/#respond\">0 comentarios<\/a><\/span>\n\t\t\t\t\n\t\t\t\t\t\t\t\t\t <span class=\"post-tag-home\"><a href=\"https:\/\/www.bodeboca.com\/blog\/tag\/bibi-garcia\/\" rel=\"tag\">Bibi Garc\u00eda<\/a>, <a href=\"https:\/\/www.bodeboca.com\/blog\/tag\/bodegas-habla\/\" rel=\"tag\">Bodegas Habla<\/a>, <a href=\"https:\/\/www.bodeboca.com\/blog\/tag\/cabernet-sauvignon\/\" rel=\"tag\">Cabernet sauvignon<\/a>, <a href=\"https:\/\/www.bodeboca.com\/blog\/tag\/chardonnay\/\" rel=\"tag\">Chardonnay<\/a>, <a href=\"https:\/\/www.bodeboca.com\/blog\/tag\/cortijo-los-aguilares\/\" rel=\"tag\">Cortijo Los Aguilares<\/a>, <a href=\"https:\/\/www.bodeboca.com\/blog\/tag\/dobledeperez\/\" rel=\"tag\">Dobledeperez<\/a>, <a href=\"https:\/\/www.bodeboca.com\/blog\/tag\/enate\/\" rel=\"tag\">Enate<\/a>, <a href=\"https:\/\/www.bodeboca.com\/blog\/tag\/gewurztraminer-2\/\" rel=\"tag\">Gew\u00fcrztraminer<\/a>, <a href=\"https:\/\/www.bodeboca.com\/blog\/tag\/huerta-de-albala\/\" rel=\"tag\">Huerta de Albal\u00e1<\/a>, <a href=\"https:\/\/www.bodeboca.com\/blog\/tag\/javier-sanz-viticultor\/\" rel=\"tag\">Javier Sanz Viticultor<\/a>, <a href=\"https:\/\/www.bodeboca.com\/blog\/tag\/marques-de-riscal\/\" rel=\"tag\">Marqu\u00e9s de Riscal<\/a>, <a href=\"https:\/\/www.bodeboca.com\/blog\/tag\/mas-la-plana\/\" rel=\"tag\">mas la plana<\/a>, <a href=\"https:\/\/www.bodeboca.com\/blog\/tag\/merlot\/\" rel=\"tag\">Merlot<\/a>, <a href=\"https:\/\/www.bodeboca.com\/blog\/tag\/miguel-a-torres\/\" rel=\"tag\">Miguel A. Torres<\/a>, <a href=\"https:\/\/www.bodeboca.com\/blog\/tag\/pago-de-vallegarcia\/\" rel=\"tag\">Pago de Vallegarc\u00eda<\/a>, <a href=\"https:\/\/www.bodeboca.com\/blog\/tag\/pariente-tradicion-familiar\/\" rel=\"tag\">Pariente Tradici\u00f3n Familiar<\/a>, <a href=\"https:\/\/www.bodeboca.com\/blog\/tag\/petit-verdot\/\" rel=\"tag\">petit verdot<\/a>, <a href=\"https:\/\/www.bodeboca.com\/blog\/tag\/pinot-noir\/\" rel=\"tag\">Pinot noir<\/a>, <a href=\"https:\/\/www.bodeboca.com\/blog\/tag\/rocio-benito\/\" rel=\"tag\">Roc\u00edo Benito<\/a>, <a href=\"https:\/\/www.bodeboca.com\/blog\/tag\/santi-rivas\/\" rel=\"tag\">Santi Rivas<\/a>, <a href=\"https:\/\/www.bodeboca.com\/blog\/tag\/sauvignon-blanc\/\" rel=\"tag\">Sauvignon blanc<\/a>, <a href=\"https:\/\/www.bodeboca.com\/blog\/tag\/syrah\/\" rel=\"tag\">syrah<\/a>, <a href=\"https:\/\/www.bodeboca.com\/blog\/tag\/uvas-foraneas\/\" rel=\"tag\">uvas for\u00e1neas<\/a>, <a href=\"https:\/\/www.bodeboca.com\/blog\/tag\/uvas-viajeras\/\" rel=\"tag\">uvas viajeras<\/a>, <a href=\"https:\/\/www.bodeboca.com\/blog\/tag\/variedades-extranjeras\/\" rel=\"tag\">variedades extranjeras<\/a>, <a href=\"https:\/\/www.bodeboca.com\/blog\/tag\/variedades-foraneas\/\" rel=\"tag\">variedades for\u00e1neas<\/a>, <a href=\"https:\/\/www.bodeboca.com\/blog\/tag\/vina-zorzal\/\" rel=\"tag\">Vi\u00f1a Zorzal<\/a>, <a href=\"https:\/\/www.bodeboca.com\/blog\/tag\/viognier\/\" rel=\"tag\">Viognier<\/a>, <a href=\"https:\/\/www.bodeboca.com\/blog\/tag\/xabier-sanz\/\" rel=\"tag\">Xabier Sanz<\/a><\/span>\t\t\t\t\t\t\t<\/p>\n\t\t\t\t\t\t\n\t<\/div>\n\n\t<!-- \/.post-content -->\n\t\t\n<\/article>\n<!-- \/.post -->\n\n<\/div><!-- .builder-posts-wrap -->\n\t<\/div>\n<!-- \/module post -->\n\t\t\t\t\t\t\t\t\t\t\n\t\t\t\t\t\t\t\t\t\t\t\t\t\t\t\t\t\t\t<\/div>\n\t\t\t\t\t\t\t\t\t<!-- \/col -->\n\t\t\t\t\t\t\t  \n\n\t\t\t\t\t\t\n\t\t\t\t\t\t\t\t\t\t\t\t\n\t\t\t\t\t\t\t\t\t\t\t\n\t\t\t\t\t<\/div>\n\t\t\t\t\t<!-- \/row_inner -->\n\t\t\t\t<\/div>\n\t\t\t<!-- \/row_inner_wrapper -->\n\t\t\t<\/div>\n\t\t\t<!-- \/module_row -->\n\t\t\t\n\n\t\t\t<!-- module_row -->\n\t\t\t<div data-gutter=\"gutter-default\" class=\"themify_builder_row module_row module_row_1 clearfix gutter-default\" >\n\n\t\t\t\t\n\t\t\t\t\t\t\t\t\t<div class=\"builder_row_cover\"  ><\/div>\n\t\t\t\t\n\t\t\t\t\n\t\t\t\t<div class=\"row_inner_wrapper\">\n\t\t\t\t\t<div class=\"row_inner\">\n\n\t\t\t\t\t\t\n\t\t\t\t\t\t\n\t\t\t\t\t\t\n\t\t\t\t\t\t\t\t\t<div class=\"col-full first tb-column \">\n\t\t\t\t\t\t\t\t\t\t\t\t\t\t\t\t\t\t\t\t\t\n\t\t\t\t\t\t\t\t\t\t\t\n<!-- module post -->\n<div id=\"post-4588-1-0-1\" class=\"module module-post post-4588-1-0-1 \">\n\t\t\n\t<div class=\"builder-posts-wrap clearfix loops-wrapper grid2\">\n\n\n<article itemscope itemtype=\"http:\/\/schema.org\/Article\" id=\"post-62931\" class=\"post clearfix post-62931 type-post status-publish format-standard has-post-thumbnail hentry category-sabias-que category-el-vino-tipos-y-elaboraciones tag-blancos-de-rueda tag-d-o-rueda tag-rueda tag-verdejo tag-vino-dorado-de-rueda tag-vino-palido-de-rueda tag-vinos-blancos-fermentados-en-barrica has-post-title has-post-date has-post-category has-post-tag has-post-comment no-post-author \">\n\n\t\n\t\t\t\t\t\n\t\t\t<figure class=\"post-image \">\n\t\t\t\t\t\t\t\t\t<a href=\"https:\/\/www.bodeboca.com\/blog\/rueda-las-mil-caras-de-un-mismo-disfrute\/\"><img decoding=\"async\" src=\"https:\/\/www.bodeboca.com\/blog\/wp-content\/uploads\/2026\/08\/blog-banner-dorueda.jpg\" alt=\"Vinos D.O. Rueda: las mil caras de un mismo disfrute\" \/><\/a>\n\t\t\t\t\t\t\t<\/figure>\n\n\t\t\t\t\t\n\t<div class=\"post-content\">\n\n\t\t\t\t\t\n            \n            \n\t\t\t<h2 class=\"post-title entry-title\" itemprop=\"name\">\n\t\t\t\t\t\t\t\t\t<a href=\"https:\/\/www.bodeboca.com\/blog\/rueda-las-mil-caras-de-un-mismo-disfrute\/\" title=\"Vinos D.O. Rueda: las mil caras de un mismo disfrute\">Vinos D.O. Rueda: las mil caras de un mismo disfrute<\/a>\n\t\t\t\t\t\t\t<\/h2>\n\t\t\t\t\t\n\t\t<div class=\"meta-info\">\n\t\t\t\t\t\t\t<div class=\"author-meta-box clearfix\">\n\t\t\t\t\t\t<span class=\"post-author\"><span>Por <\/span><span class=\"author vcard\" itemprop=\"author\" itemscope itemtype=\"http:\/\/schema.org\/Person\"><span itemprop=\"name\">Raquel Cuenca<\/span><\/span>, <\/span>\n\t\t\t\t\t\t\t\t\t\t\t<time datetime=\"2026-08-24\" class=\"post-date entry-date updated\" itemprop=\"datePublished\">24 agosto, 2026<\/time>\n\t\t\t\t\t\n\t\t\t\t\t\t\t\t\t\t\t<span class=\"category\">\n\t\t\t\t\t\t\t <span class=\"separator\">|<\/span><span>Categor\u00eda <\/span>\n\t\t\t\t\t\t\t <span class=\"post-category\"><a href=\"https:\/\/www.bodeboca.com\/blog\/category\/sabias-que\/\" rel=\"tag\">\u00bfSab\u00edas qu\u00e9?<\/a>, <a href=\"https:\/\/www.bodeboca.com\/blog\/category\/sabias-que\/el-vino-tipos-y-elaboraciones\/\" rel=\"tag\">Estilos, regiones y elaboraciones<\/a><\/span>\t\t\t\t\t\t\t<\/span>\n\t\t\t\t\t\t\t\t\t<\/div>\n\t\t\t\t\t<\/div>\n\t\t<div class=\"entry-content\" itemprop=\"articleBody\">\n\n\t\t\t\n\t\t\t\t<p>Rueda es verdejo pero mucho m\u00e1s. La regi\u00f3n vive una etapa clave de su historia afianzada en su gran potencial, versatilidad y diferenciaci\u00f3n. Te invitamos a descubrirla.<\/p>\n\n\t\t\t\t\n\t\t\t\t\t<p><a href=\"https:\/\/www.bodeboca.com\/blog\/rueda-las-mil-caras-de-un-mismo-disfrute\/\" title=\"\" class=\"more-link\">Leer m\u00e1s<\/a><\/p>\n\n\t\t\t\t\n\t\t\t\n\t\t<\/div><!-- \/.entry-content -->\n\t\t\n\t\t\t\t\t<p class=\"post-meta entry-meta\">\n\n\t\t\t\t\t\t\t\t\t<span class=\"post-comment\"><a href=\"https:\/\/www.bodeboca.com\/blog\/rueda-las-mil-caras-de-un-mismo-disfrute\/#respond\">0 comentarios<\/a><\/span>\n\t\t\t\t\n\t\t\t\t\t\t\t\t\t <span class=\"post-tag-home\"><a href=\"https:\/\/www.bodeboca.com\/blog\/tag\/blancos-de-rueda\/\" rel=\"tag\">blancos de Rueda<\/a>, <a href=\"https:\/\/www.bodeboca.com\/blog\/tag\/d-o-rueda\/\" rel=\"tag\">D.O. Rueda<\/a>, <a href=\"https:\/\/www.bodeboca.com\/blog\/tag\/rueda\/\" rel=\"tag\">Rueda<\/a>, <a href=\"https:\/\/www.bodeboca.com\/blog\/tag\/verdejo\/\" rel=\"tag\">Verdejo<\/a>, <a href=\"https:\/\/www.bodeboca.com\/blog\/tag\/vino-dorado-de-rueda\/\" rel=\"tag\">vino dorado de Rueda<\/a>, <a href=\"https:\/\/www.bodeboca.com\/blog\/tag\/vino-palido-de-rueda\/\" rel=\"tag\">vino p\u00e1lido de Rueda<\/a>, <a href=\"https:\/\/www.bodeboca.com\/blog\/tag\/vinos-blancos-fermentados-en-barrica\/\" rel=\"tag\">vinos blancos fermentados en barrica<\/a><\/span>\t\t\t\t\t\t\t<\/p>\n\t\t\t\t\t\t\n\t<\/div>\n\n\t<!-- \/.post-content -->\n\t\t\n<\/article>\n<!-- \/.post -->\n\n\n\n\n<article itemscope itemtype=\"http:\/\/schema.org\/Article\" id=\"post-62853\" class=\"post clearfix post-62853 type-post status-publish format-standard has-post-thumbnail hentry category-hedonistas category-recomendaciones tag-apple-tv tag-estrellas-michelin tag-guia-michelin-3 tag-jesse-burgess tag-restaurantes-michelin tag-series-sobre-gastronomia tag-topjaw has-post-title has-post-date has-post-category has-post-tag has-post-comment no-post-author \">\n\n\t\n\t\t\t\t\t\n\t\t\t<figure class=\"post-image \">\n\t\t\t\t\t\t\t\t\t<a href=\"https:\/\/www.bodeboca.com\/blog\/al-filo-en-busca-de-estrellas-michelin\/\"><img decoding=\"async\" src=\"https:\/\/www.bodeboca.com\/blog\/wp-content\/uploads\/2026\/08\/Al-filo-en-busca-de-Estrellas-Michelin-1-scaled.jpg\" alt=\"Al filo: en busca de Estrellas Michelin\" \/><\/a>\n\t\t\t\t\t\t\t<\/figure>\n\n\t\t\t\t\t\n\t<div class=\"post-content\">\n\n\t\t\t\t\t\n            \n            \n\t\t\t<h2 class=\"post-title entry-title\" itemprop=\"name\">\n\t\t\t\t\t\t\t\t\t<a href=\"https:\/\/www.bodeboca.com\/blog\/al-filo-en-busca-de-estrellas-michelin\/\" title=\"Al filo: en busca de Estrellas Michelin\">Al filo: en busca de Estrellas Michelin<\/a>\n\t\t\t\t\t\t\t<\/h2>\n\t\t\t\t\t\n\t\t<div class=\"meta-info\">\n\t\t\t\t\t\t\t<div class=\"author-meta-box clearfix\">\n\t\t\t\t\t\t<span class=\"post-author\"><span>Por <\/span><span class=\"author vcard\" itemprop=\"author\" itemscope itemtype=\"http:\/\/schema.org\/Person\"><span itemprop=\"name\">Nacho Civera<\/span><\/span>, <\/span>\n\t\t\t\t\t\t\t\t\t\t\t<time datetime=\"2026-08-19\" class=\"post-date entry-date updated\" itemprop=\"datePublished\">19 agosto, 2026<\/time>\n\t\t\t\t\t\n\t\t\t\t\t\t\t\t\t\t\t<span class=\"category\">\n\t\t\t\t\t\t\t <span class=\"separator\">|<\/span><span>Categor\u00eda <\/span>\n\t\t\t\t\t\t\t <span class=\"post-category\"><a href=\"https:\/\/www.bodeboca.com\/blog\/category\/recomendaciones\/hedonistas\/\" rel=\"tag\">Hedonistas<\/a>, <a href=\"https:\/\/www.bodeboca.com\/blog\/category\/recomendaciones\/\" rel=\"tag\">Recomendaciones<\/a><\/span>\t\t\t\t\t\t\t<\/span>\n\t\t\t\t\t\t\t\t\t<\/div>\n\t\t\t\t\t<\/div>\n\t\t<div class=\"entry-content\" itemprop=\"articleBody\">\n\n\t\t\t\n\t\t\t\t<p>Esta serie, disponible en Apple TV, es un recorrido emocional por las aspiraciones de algunos de los chefs que ans\u00edan el reconocimiento de la c\u00e9lebre gu\u00eda roja.<\/p>\n\n\t\t\t\t\n\t\t\t\t\t<p><a href=\"https:\/\/www.bodeboca.com\/blog\/al-filo-en-busca-de-estrellas-michelin\/\" title=\"\" class=\"more-link\">Leer m\u00e1s<\/a><\/p>\n\n\t\t\t\t\n\t\t\t\n\t\t<\/div><!-- \/.entry-content -->\n\t\t\n\t\t\t\t\t<p class=\"post-meta entry-meta\">\n\n\t\t\t\t\t\t\t\t\t<span class=\"post-comment\"><a href=\"https:\/\/www.bodeboca.com\/blog\/al-filo-en-busca-de-estrellas-michelin\/#respond\">0 comentarios<\/a><\/span>\n\t\t\t\t\n\t\t\t\t\t\t\t\t\t <span class=\"post-tag-home\"><a href=\"https:\/\/www.bodeboca.com\/blog\/tag\/apple-tv\/\" rel=\"tag\">Apple TV<\/a>, <a href=\"https:\/\/www.bodeboca.com\/blog\/tag\/estrellas-michelin\/\" rel=\"tag\">estrellas michelin<\/a>, <a href=\"https:\/\/www.bodeboca.com\/blog\/tag\/guia-michelin-3\/\" rel=\"tag\">Guia Michelin<\/a>, <a href=\"https:\/\/www.bodeboca.com\/blog\/tag\/jesse-burgess\/\" rel=\"tag\">Jesse Burgess<\/a>, <a href=\"https:\/\/www.bodeboca.com\/blog\/tag\/restaurantes-michelin\/\" rel=\"tag\">restaurantes Michelin<\/a>, <a href=\"https:\/\/www.bodeboca.com\/blog\/tag\/series-sobre-gastronomia\/\" rel=\"tag\">series sobre gastronom\u00eda<\/a>, <a href=\"https:\/\/www.bodeboca.com\/blog\/tag\/topjaw\/\" rel=\"tag\">Topjaw<\/a><\/span>\t\t\t\t\t\t\t<\/p>\n\t\t\t\t\t\t\n\t<\/div>\n\n\t<!-- \/.post-content -->\n\t\t\n<\/article>\n<!-- \/.post -->\n\n\n\n\n<article itemscope itemtype=\"http:\/\/schema.org\/Article\" id=\"post-62849\" class=\"post clearfix post-62849 type-post status-publish format-standard has-post-thumbnail hentry category-entrevistas tag-bodegas-argentinas tag-bodegas-de-rioja tag-bodegas-del-bierzo tag-dominio-del-challao-2 tag-elaboradores-argentinos tag-manu-michelini tag-mendoza tag-michelini-i-mufatto tag-vina-zorzal tag-zorzal-wines has-post-title has-post-date has-post-category has-post-tag has-post-comment no-post-author \">\n\n\t\n\t\t\t\t\t\n\t\t\t<figure class=\"post-image \">\n\t\t\t\t\t\t\t\t\t<a href=\"https:\/\/www.bodeboca.com\/blog\/manu-michelini-enologo-y-viticultor\/\"><img decoding=\"async\" src=\"https:\/\/www.bodeboca.com\/blog\/wp-content\/uploads\/2026\/08\/blog-banner-manumichelini.jpeg\" alt=\"Manu Michelini, en\u00f3logo y viticultor\" \/><\/a>\n\t\t\t\t\t\t\t<\/figure>\n\n\t\t\t\t\t\n\t<div class=\"post-content\">\n\n\t\t\t\t\t\n            \n            \n\t\t\t<h2 class=\"post-title entry-title\" itemprop=\"name\">\n\t\t\t\t\t\t\t\t\t<a href=\"https:\/\/www.bodeboca.com\/blog\/manu-michelini-enologo-y-viticultor\/\" title=\"Manu Michelini, en\u00f3logo y viticultor\">Manu Michelini, en\u00f3logo y viticultor<\/a>\n\t\t\t\t\t\t\t<\/h2>\n\t\t\t\t\t\n\t\t<div class=\"meta-info\">\n\t\t\t\t\t\t\t<div class=\"author-meta-box clearfix\">\n\t\t\t\t\t\t<span class=\"post-author\"><span>Por <\/span><span class=\"author vcard\" itemprop=\"author\" itemscope itemtype=\"http:\/\/schema.org\/Person\"><span itemprop=\"name\">Raquel Cuenca<\/span><\/span>, <\/span>\n\t\t\t\t\t\t\t\t\t\t\t<time datetime=\"2026-08-11\" class=\"post-date entry-date updated\" itemprop=\"datePublished\">11 agosto, 2026<\/time>\n\t\t\t\t\t\n\t\t\t\t\t\t\t\t\t\t\t<span class=\"category\">\n\t\t\t\t\t\t\t <span class=\"separator\">|<\/span><span>Categor\u00eda <\/span>\n\t\t\t\t\t\t\t <span class=\"post-category\"><a href=\"https:\/\/www.bodeboca.com\/blog\/category\/entrevistas\/\" rel=\"tag\">Entrevistas<\/a><\/span>\t\t\t\t\t\t\t<\/span>\n\t\t\t\t\t\t\t\t\t<\/div>\n\t\t\t\t\t<\/div>\n\t\t<div class=\"entry-content\" itemprop=\"articleBody\">\n\n\t\t\t\n\t\t\t\t<p>Con solo 30 a\u00f1os, Manu Michelini es uno de los en\u00f3logos m\u00e1s talentosos e inquietos del panorama. Repasamos con \u00e9l todos sus proyectos. <\/p>\n\n\t\t\t\t\n\t\t\t\t\t<p><a href=\"https:\/\/www.bodeboca.com\/blog\/manu-michelini-enologo-y-viticultor\/\" title=\"\" class=\"more-link\">Leer m\u00e1s<\/a><\/p>\n\n\t\t\t\t\n\t\t\t\n\t\t<\/div><!-- \/.entry-content -->\n\t\t\n\t\t\t\t\t<p class=\"post-meta entry-meta\">\n\n\t\t\t\t\t\t\t\t\t<span class=\"post-comment\"><a href=\"https:\/\/www.bodeboca.com\/blog\/manu-michelini-enologo-y-viticultor\/#respond\">0 comentarios<\/a><\/span>\n\t\t\t\t\n\t\t\t\t\t\t\t\t\t <span class=\"post-tag-home\"><a href=\"https:\/\/www.bodeboca.com\/blog\/tag\/bodegas-argentinas\/\" rel=\"tag\">Bodegas argentinas<\/a>, <a href=\"https:\/\/www.bodeboca.com\/blog\/tag\/bodegas-de-rioja\/\" rel=\"tag\">Bodegas de Rioja<\/a>, <a href=\"https:\/\/www.bodeboca.com\/blog\/tag\/bodegas-del-bierzo\/\" rel=\"tag\">Bodegas del Bierzo<\/a>, <a href=\"https:\/\/www.bodeboca.com\/blog\/tag\/dominio-del-challao-2\/\" rel=\"tag\">Dominio del Challao<\/a>, <a href=\"https:\/\/www.bodeboca.com\/blog\/tag\/elaboradores-argentinos\/\" rel=\"tag\">elaboradores argentinos<\/a>, <a href=\"https:\/\/www.bodeboca.com\/blog\/tag\/manu-michelini\/\" rel=\"tag\">Manu Michelini<\/a>, <a href=\"https:\/\/www.bodeboca.com\/blog\/tag\/mendoza\/\" rel=\"tag\">Mendoza<\/a>, <a href=\"https:\/\/www.bodeboca.com\/blog\/tag\/michelini-i-mufatto\/\" rel=\"tag\">Michelini i Mufatto<\/a>, <a href=\"https:\/\/www.bodeboca.com\/blog\/tag\/vina-zorzal\/\" rel=\"tag\">Vi\u00f1a Zorzal<\/a>, <a href=\"https:\/\/www.bodeboca.com\/blog\/tag\/zorzal-wines\/\" rel=\"tag\">Zorzal Wines<\/a><\/span>\t\t\t\t\t\t\t<\/p>\n\t\t\t\t\t\t\n\t<\/div>\n\n\t<!-- \/.post-content -->\n\t\t\n<\/article>\n<!-- \/.post -->\n\n\n\n\n<article itemscope itemtype=\"http:\/\/schema.org\/Article\" id=\"post-62833\" class=\"post clearfix post-62833 type-post status-publish format-standard has-post-thumbnail hentry category-foodies category-recomendaciones tag-bairro-alto tag-comida-argentina tag-la-joya-cantina tag-lisboa tag-portugal tag-recomendaciones tag-restaurantes has-post-title has-post-date has-post-category has-post-tag has-post-comment no-post-author \">\n\n\t\n\t\t\t\t\t\n\t\t\t<figure class=\"post-image \">\n\t\t\t\t\t\t\t\t\t<a href=\"https:\/\/www.bodeboca.com\/blog\/la-joya-cantina-un-diamante-en-bruto\/\"><img decoding=\"async\" src=\"https:\/\/www.bodeboca.com\/blog\/wp-content\/uploads\/2026\/07\/blog-banner-lajoyacantina.jpg\" alt=\"La Joya Cantina: un diamante en bruto\" \/><\/a>\n\t\t\t\t\t\t\t<\/figure>\n\n\t\t\t\t\t\n\t<div class=\"post-content\">\n\n\t\t\t\t\t\n            \n            \n\t\t\t<h2 class=\"post-title entry-title\" itemprop=\"name\">\n\t\t\t\t\t\t\t\t\t<a href=\"https:\/\/www.bodeboca.com\/blog\/la-joya-cantina-un-diamante-en-bruto\/\" title=\"La Joya Cantina: un diamante en bruto\">La Joya Cantina: un diamante en bruto<\/a>\n\t\t\t\t\t\t\t<\/h2>\n\t\t\t\t\t\n\t\t<div class=\"meta-info\">\n\t\t\t\t\t\t\t<div class=\"author-meta-box clearfix\">\n\t\t\t\t\t\t<span class=\"post-author\"><span>Por <\/span><span class=\"author vcard\" itemprop=\"author\" itemscope itemtype=\"http:\/\/schema.org\/Person\"><span itemprop=\"name\">Mariana Moura<\/span><\/span>, <\/span>\n\t\t\t\t\t\t\t\t\t\t\t<time datetime=\"2026-08-05\" class=\"post-date entry-date updated\" itemprop=\"datePublished\">5 agosto, 2026<\/time>\n\t\t\t\t\t\n\t\t\t\t\t\t\t\t\t\t\t<span class=\"category\">\n\t\t\t\t\t\t\t <span class=\"separator\">|<\/span><span>Categor\u00eda <\/span>\n\t\t\t\t\t\t\t <span class=\"post-category\"><a href=\"https:\/\/www.bodeboca.com\/blog\/category\/recomendaciones\/foodies\/\" rel=\"tag\">Foodies<\/a>, <a href=\"https:\/\/www.bodeboca.com\/blog\/category\/recomendaciones\/\" rel=\"tag\">Recomendaciones<\/a><\/span>\t\t\t\t\t\t\t<\/span>\n\t\t\t\t\t\t\t\t\t<\/div>\n\t\t\t\t\t<\/div>\n\t\t<div class=\"entry-content\" itemprop=\"articleBody\">\n\n\t\t\t\n\t\t\t\t<p>Un peque\u00f1o pasillo en el Bairro Alto oculta uno de los grandes secretos gastron\u00f3micos de Lisboa. Descubre una propuesta \u00edntima que te har\u00e1 so\u00f1ar. <\/p>\n\n\t\t\t\t\n\t\t\t\t\t<p><a href=\"https:\/\/www.bodeboca.com\/blog\/la-joya-cantina-un-diamante-en-bruto\/\" title=\"\" class=\"more-link\">Leer m\u00e1s<\/a><\/p>\n\n\t\t\t\t\n\t\t\t\n\t\t<\/div><!-- \/.entry-content -->\n\t\t\n\t\t\t\t\t<p class=\"post-meta entry-meta\">\n\n\t\t\t\t\t\t\t\t\t<span class=\"post-comment\"><a href=\"https:\/\/www.bodeboca.com\/blog\/la-joya-cantina-un-diamante-en-bruto\/#respond\">0 comentarios<\/a><\/span>\n\t\t\t\t\n\t\t\t\t\t\t\t\t\t <span class=\"post-tag-home\"><a href=\"https:\/\/www.bodeboca.com\/blog\/tag\/bairro-alto\/\" rel=\"tag\">Bairro Alto<\/a>, <a href=\"https:\/\/www.bodeboca.com\/blog\/tag\/comida-argentina\/\" rel=\"tag\">comida argentina<\/a>, <a href=\"https:\/\/www.bodeboca.com\/blog\/tag\/la-joya-cantina\/\" rel=\"tag\">La Joya Cantina<\/a>, <a href=\"https:\/\/www.bodeboca.com\/blog\/tag\/lisboa\/\" rel=\"tag\">lisboa<\/a>, <a href=\"https:\/\/www.bodeboca.com\/blog\/tag\/portugal\/\" rel=\"tag\">Portugal<\/a>, <a href=\"https:\/\/www.bodeboca.com\/blog\/tag\/recomendaciones\/\" rel=\"tag\">recomendaciones<\/a>, <a href=\"https:\/\/www.bodeboca.com\/blog\/tag\/restaurantes\/\" rel=\"tag\">restaurantes<\/a><\/span>\t\t\t\t\t\t\t<\/p>\n\t\t\t\t\t\t\n\t<\/div>\n\n\t<!-- \/.post-content -->\n\t\t\n<\/article>\n<!-- \/.post -->\n\n\n\n\n<article itemscope itemtype=\"http:\/\/schema.org\/Article\" id=\"post-62827\" class=\"post clearfix post-62827 type-post status-publish format-standard has-post-thumbnail hentry category-maridajes category-recomendaciones tag-atun-rojo tag-blanc-de-blancs tag-carpaccio tag-ceviche tag-champagne tag-crudos tag-espumoso tag-godello tag-manzanilla tag-marinados tag-mencia tag-ostras tag-pinot-noir tag-provence tag-provenza tag-riesling tag-rosado tag-sashimi tag-tartar has-post-title has-post-date has-post-category has-post-tag has-post-comment no-post-author \">\n\n\t\n\t\t\t\t\t\n\t\t\t<figure class=\"post-image \">\n\t\t\t\t\t\t\t\t\t<a href=\"https:\/\/www.bodeboca.com\/blog\/alto-al-fuego-den-paso-a-los-crudos-y-marinados\/\"><img decoding=\"async\" src=\"https:\/\/www.bodeboca.com\/blog\/wp-content\/uploads\/2026\/07\/blog-banner-crudosmarinados.jpg\" alt=\"\u00a1Alto al fuego! Den paso a los crudos y marinados\" \/><\/a>\n\t\t\t\t\t\t\t<\/figure>\n\n\t\t\t\t\t\n\t<div class=\"post-content\">\n\n\t\t\t\t\t\n            \n            \n\t\t\t<h2 class=\"post-title entry-title\" itemprop=\"name\">\n\t\t\t\t\t\t\t\t\t<a href=\"https:\/\/www.bodeboca.com\/blog\/alto-al-fuego-den-paso-a-los-crudos-y-marinados\/\" title=\"\u00a1Alto al fuego! Den paso a los crudos y marinados\">\u00a1Alto al fuego! Den paso a los crudos y marinados<\/a>\n\t\t\t\t\t\t\t<\/h2>\n\t\t\t\t\t\n\t\t<div class=\"meta-info\">\n\t\t\t\t\t\t\t<div class=\"author-meta-box clearfix\">\n\t\t\t\t\t\t<span class=\"post-author\"><span>Por <\/span><span class=\"author vcard\" itemprop=\"author\" itemscope itemtype=\"http:\/\/schema.org\/Person\"><span itemprop=\"name\">Laura Calvo<\/span><\/span>, <\/span>\n\t\t\t\t\t\t\t\t\t\t\t<time datetime=\"2026-07-28\" class=\"post-date entry-date updated\" itemprop=\"datePublished\">28 julio, 2026<\/time>\n\t\t\t\t\t\n\t\t\t\t\t\t\t\t\t\t\t<span class=\"category\">\n\t\t\t\t\t\t\t <span class=\"separator\">|<\/span><span>Categor\u00eda <\/span>\n\t\t\t\t\t\t\t <span class=\"post-category\"><a href=\"https:\/\/www.bodeboca.com\/blog\/category\/recomendaciones\/maridajes\/\" rel=\"tag\">Maridajes<\/a>, <a href=\"https:\/\/www.bodeboca.com\/blog\/category\/recomendaciones\/\" rel=\"tag\">Recomendaciones<\/a><\/span>\t\t\t\t\t\t\t<\/span>\n\t\t\t\t\t\t\t\t\t<\/div>\n\t\t\t\t\t<\/div>\n\t\t<div class=\"entry-content\" itemprop=\"articleBody\">\n\n\t\t\t\n\t\t\t\t<p>Crudos, marinados y el vino perfecto. Descubre los maridajes veraniegos ideales para potenciar el tartar, el ceviche o las ostras sin opacar su sabor.<\/p>\n\n\t\t\t\t\n\t\t\t\t\t<p><a href=\"https:\/\/www.bodeboca.com\/blog\/alto-al-fuego-den-paso-a-los-crudos-y-marinados\/\" title=\"\" class=\"more-link\">Leer m\u00e1s<\/a><\/p>\n\n\t\t\t\t\n\t\t\t\n\t\t<\/div><!-- \/.entry-content -->\n\t\t\n\t\t\t\t\t<p class=\"post-meta entry-meta\">\n\n\t\t\t\t\t\t\t\t\t<span class=\"post-comment\"><a href=\"https:\/\/www.bodeboca.com\/blog\/alto-al-fuego-den-paso-a-los-crudos-y-marinados\/#respond\">0 comentarios<\/a><\/span>\n\t\t\t\t\n\t\t\t\t\t\t\t\t\t <span class=\"post-tag-home\"><a href=\"https:\/\/www.bodeboca.com\/blog\/tag\/atun-rojo\/\" rel=\"tag\">atun rojo<\/a>, <a href=\"https:\/\/www.bodeboca.com\/blog\/tag\/blanc-de-blancs\/\" rel=\"tag\">blanc de blancs<\/a>, <a href=\"https:\/\/www.bodeboca.com\/blog\/tag\/carpaccio\/\" rel=\"tag\">carpaccio<\/a>, <a href=\"https:\/\/www.bodeboca.com\/blog\/tag\/ceviche\/\" rel=\"tag\">ceviche<\/a>, <a href=\"https:\/\/www.bodeboca.com\/blog\/tag\/champagne\/\" rel=\"tag\">champagne<\/a>, <a href=\"https:\/\/www.bodeboca.com\/blog\/tag\/crudos\/\" rel=\"tag\">crudos<\/a>, <a href=\"https:\/\/www.bodeboca.com\/blog\/tag\/espumoso\/\" rel=\"tag\">espumoso<\/a>, <a href=\"https:\/\/www.bodeboca.com\/blog\/tag\/godello\/\" rel=\"tag\">Godello<\/a>, <a href=\"https:\/\/www.bodeboca.com\/blog\/tag\/manzanilla\/\" rel=\"tag\">Manzanilla<\/a>, <a href=\"https:\/\/www.bodeboca.com\/blog\/tag\/marinados\/\" rel=\"tag\">marinados<\/a>, <a href=\"https:\/\/www.bodeboca.com\/blog\/tag\/mencia\/\" rel=\"tag\">Menc\u00eda<\/a>, <a href=\"https:\/\/www.bodeboca.com\/blog\/tag\/ostras\/\" rel=\"tag\">ostras<\/a>, <a href=\"https:\/\/www.bodeboca.com\/blog\/tag\/pinot-noir\/\" rel=\"tag\">Pinot noir<\/a>, <a href=\"https:\/\/www.bodeboca.com\/blog\/tag\/provence\/\" rel=\"tag\">provence<\/a>, <a href=\"https:\/\/www.bodeboca.com\/blog\/tag\/provenza\/\" rel=\"tag\">Provenza<\/a>, <a href=\"https:\/\/www.bodeboca.com\/blog\/tag\/riesling\/\" rel=\"tag\">riesling<\/a>, <a href=\"https:\/\/www.bodeboca.com\/blog\/tag\/rosado\/\" rel=\"tag\">rosado<\/a>, <a href=\"https:\/\/www.bodeboca.com\/blog\/tag\/sashimi\/\" rel=\"tag\">sashimi<\/a>, <a href=\"https:\/\/www.bodeboca.com\/blog\/tag\/tartar\/\" rel=\"tag\">tartar<\/a><\/span>\t\t\t\t\t\t\t<\/p>\n\t\t\t\t\t\t\n\t<\/div>\n\n\t<!-- \/.post-content -->\n\t\t\n<\/article>\n<!-- \/.post -->\n\n\n\n\n<article itemscope itemtype=\"http:\/\/schema.org\/Article\" id=\"post-62799\" class=\"post clearfix post-62799 type-post status-publish format-standard has-post-thumbnail hentry category-hedonistas category-recomendaciones tag-carlos-baonza tag-contra-los-foodies tag-ensayos-de-gastronomia tag-juan-manuel-bellver tag-libros-de-gastronomia has-post-title has-post-date has-post-category has-post-tag has-post-comment no-post-author \">\n\n\t\n\t\t\t\t\t\n\t\t\t<figure class=\"post-image \">\n\t\t\t\t\t\t\t\t\t<a href=\"https:\/\/www.bodeboca.com\/blog\/contra-los-foodies-el-manifiesto-gastro-de-juan-manuel-bellver\/\"><img decoding=\"async\" src=\"https:\/\/www.bodeboca.com\/blog\/wp-content\/uploads\/2026\/07\/blog-banner-contralosfoodies.jpg\" alt=\"Contra los foodies, el manifiesto gastro de Juan Manuel Bellver\" \/><\/a>\n\t\t\t\t\t\t\t<\/figure>\n\n\t\t\t\t\t\n\t<div class=\"post-content\">\n\n\t\t\t\t\t\n            \n            \n\t\t\t<h2 class=\"post-title entry-title\" itemprop=\"name\">\n\t\t\t\t\t\t\t\t\t<a href=\"https:\/\/www.bodeboca.com\/blog\/contra-los-foodies-el-manifiesto-gastro-de-juan-manuel-bellver\/\" title=\"Contra los foodies, el manifiesto gastro de Juan Manuel Bellver\">Contra los foodies, el manifiesto gastro de Juan Manuel Bellver<\/a>\n\t\t\t\t\t\t\t<\/h2>\n\t\t\t\t\t\n\t\t<div class=\"meta-info\">\n\t\t\t\t\t\t\t<div class=\"author-meta-box clearfix\">\n\t\t\t\t\t\t<span class=\"post-author\"><span>Por <\/span><span class=\"author vcard\" itemprop=\"author\" itemscope itemtype=\"http:\/\/schema.org\/Person\"><span itemprop=\"name\">Raquel Cuenca<\/span><\/span>, <\/span>\n\t\t\t\t\t\t\t\t\t\t\t<time datetime=\"2026-07-22\" class=\"post-date entry-date updated\" itemprop=\"datePublished\">22 julio, 2026<\/time>\n\t\t\t\t\t\n\t\t\t\t\t\t\t\t\t\t\t<span class=\"category\">\n\t\t\t\t\t\t\t <span class=\"separator\">|<\/span><span>Categor\u00eda <\/span>\n\t\t\t\t\t\t\t <span class=\"post-category\"><a href=\"https:\/\/www.bodeboca.com\/blog\/category\/recomendaciones\/hedonistas\/\" rel=\"tag\">Hedonistas<\/a>, <a href=\"https:\/\/www.bodeboca.com\/blog\/category\/recomendaciones\/\" rel=\"tag\">Recomendaciones<\/a><\/span>\t\t\t\t\t\t\t<\/span>\n\t\t\t\t\t\t\t\t\t<\/div>\n\t\t\t\t\t<\/div>\n\t\t<div class=\"entry-content\" itemprop=\"articleBody\">\n\n\t\t\t\n\t\t\t\t<p>Juan Manuel Bellver publica &#8216;Contra los foodies&#8217;, todo un manifiesto que reivindica \u2018escarbar en las ra\u00edces\u2019 de la gastronom\u00eda frente el postureo de las redes. La reflexi\u00f3n y el debate est\u00e1n abiertos. <\/p>\n\n\t\t\t\t\n\t\t\t\t\t<p><a href=\"https:\/\/www.bodeboca.com\/blog\/contra-los-foodies-el-manifiesto-gastro-de-juan-manuel-bellver\/\" title=\"\" class=\"more-link\">Leer m\u00e1s<\/a><\/p>\n\n\t\t\t\t\n\t\t\t\n\t\t<\/div><!-- \/.entry-content -->\n\t\t\n\t\t\t\t\t<p class=\"post-meta entry-meta\">\n\n\t\t\t\t\t\t\t\t\t<span class=\"post-comment\"><a href=\"https:\/\/www.bodeboca.com\/blog\/contra-los-foodies-el-manifiesto-gastro-de-juan-manuel-bellver\/#respond\">0 comentarios<\/a><\/span>\n\t\t\t\t\n\t\t\t\t\t\t\t\t\t <span class=\"post-tag-home\"><a href=\"https:\/\/www.bodeboca.com\/blog\/tag\/carlos-baonza\/\" rel=\"tag\">Carlos Baonza<\/a>, <a href=\"https:\/\/www.bodeboca.com\/blog\/tag\/contra-los-foodies\/\" rel=\"tag\">Contra los foodies<\/a>, <a href=\"https:\/\/www.bodeboca.com\/blog\/tag\/ensayos-de-gastronomia\/\" rel=\"tag\">ensayos de gastronom\u00eda<\/a>, <a href=\"https:\/\/www.bodeboca.com\/blog\/tag\/juan-manuel-bellver\/\" rel=\"tag\">Juan Manuel Bellver<\/a>, <a href=\"https:\/\/www.bodeboca.com\/blog\/tag\/libros-de-gastronomia\/\" rel=\"tag\">libros de gastronom\u00eda<\/a><\/span>\t\t\t\t\t\t\t<\/p>\n\t\t\t\t\t\t\n\t<\/div>\n\n\t<!-- \/.post-content -->\n\t\t\n<\/article>\n<!-- \/.post -->\n\n<\/div><!-- .builder-posts-wrap --><div class=\"pagenav clearfix\"> <span class=\"number current\">1<\/span>  <a href=\"https:\/\/www.bodeboca.com\/blog\/wp-json\/wp\/v2\/pages\/4588\/page\/2\/\" class=\"number\">2<\/a>  <a href=\"https:\/\/www.bodeboca.com\/blog\/wp-json\/wp\/v2\/pages\/4588\/page\/3\/\" class=\"number\">3<\/a>  <a href=\"https:\/\/www.bodeboca.com\/blog\/wp-json\/wp\/v2\/pages\/4588\/page\/4\/\" class=\"number\">4<\/a>  <a href=\"https:\/\/www.bodeboca.com\/blog\/wp-json\/wp\/v2\/pages\/4588\/page\/5\/\" class=\"number\">5<\/a> <a href=\"https:\/\/www.bodeboca.com\/blog\/wp-json\/wp\/v2\/pages\/4588\/page\/173\/\" title=\"\" class=\"number next\"><\/a><\/div>\n\t<\/div>\n<!-- \/module post --><style>.themify_builder .post-4588-1-0-1.module-post .post { background-color: rgba(255,255,255, 1); border-top-color: rgba(219,219,219, 1); border-top-width: 0px; border-top-style: solid; border-right-color: rgba(219,219,219, 1); border-right-width: 0px; border-right-style: solid; border-bottom-color: rgba(219,219,219, 1); border-bottom-width: 0px; border-bottom-style: solid; border-left-color: rgba(219,219,219, 1); border-left-width: 0px; border-left-style: solid;  } \n<\/style>\n\t\t\t\t\t\t\t\t\t\t\n\t\t\t\t\t\t\t\t\t\t\t\t\t\t\t\t\t\t\t<\/div>\n\t\t\t\t\t\t\t\t\t<!-- \/col -->\n\t\t\t\t\t\t\t  \n\n\t\t\t\t\t\t\n\t\t\t\t\t\t\t\t\t\t\t\t\n\t\t\t\t\t\t\t\t\t\t\t\n\t\t\t\t\t<\/div>\n\t\t\t\t\t<!-- \/row_inner -->\n\t\t\t\t<\/div>\n\t\t\t<!-- \/row_inner_wrapper -->\n\t\t\t<\/div>\n\t\t\t<!-- \/module_row -->\n\t\t\t\n<\/div>\n<!-- \/themify_builder_content -->","protected":false},"excerpt":{"rendered":"","protected":false},"author":1,"featured_media":0,"parent":0,"menu_order":0,"comment_status":"closed","ping_status":"closed","template":"","meta":{"footnotes":""},"aioseo_notices":[],"_links":{"self":[{"href":"https:\/\/www.bodeboca.com\/blog\/wp-json\/wp\/v2\/pages\/4588"}],"collection":[{"href":"https:\/\/www.bodeboca.com\/blog\/wp-json\/wp\/v2\/pages"}],"about":[{"href":"https:\/\/www.bodeboca.com\/blog\/wp-json\/wp\/v2\/types\/page"}],"author":[{"embeddable":true,"href":"https:\/\/www.bodeboca.com\/blog\/wp-json\/wp\/v2\/users\/1"}],"replies":[{"embeddable":true,"href":"https:\/\/www.bodeboca.com\/blog\/wp-json\/wp\/v2\/comments?post=4588"}],"version-history":[{"count":6,"href":"https:\/\/www.bodeboca.com\/blog\/wp-json\/wp\/v2\/pages\/4588\/revisions"}],"predecessor-version":[{"id":41165,"href":"https:\/\/www.bodeboca.com\/blog\/wp-json\/wp\/v2\/pages\/4588\/revisions\/41165"}],"wp:attachment":[{"href":"https:\/\/www.bodeboca.com\/blog\/wp-json\/wp\/v2\/media?parent=4588"}],"curies":[{"name":"wp","href":"https:\/\/api.w.org\/{rel}","templated":true}]}}